{"version":"1.0","provider_name":"T\u00fcrk\u00cdZek, autentikus t\u00f6r\u00f6k receptek","provider_url":"https:\/\/torokizek.cafeblog.hu","author_name":"Pera","author_url":"https:\/\/torokizek.cafeblog.hu\/author\/pera-2\/","title":"Adile Sultan Palota","html":"<p><strong>Isztambulban igaz\u00e1n k\u00f6nny\u0171 dolga van annak, aki t\u00f6rt\u00e9nelmi vonatkoz\u00e1s\u00fa l\u00e1tv\u00e1nyoss\u00e1gokra k\u00edv\u00e1ncsi.<\/strong> El\u00e9g csak v\u00e9gighaj\u00f3zni a Boszporuszon, \u00e9s m\u00e1ris \u00e9vsz\u00e1zados titkokat rejt\u0151 mecsetek, \u00e9p\u00fcletek, v\u00e1rak, palot\u00e1k t\u00e1rulnak a szem\u00fcnk el\u00e9. Mai cikk\u00fcnkben egy oszm\u00e1n kori hercegn\u0151 rezidenci\u00e1j\u00e1t mutatjuk be.<\/p>\n<p><span>\u00a0<img src=\"http:\/\/m.cdn.blog.hu\/is\/istanbul\/image\/1.jpg\" alt=\"1.jpg\" class=\"imgnotext open-in-modal\" \/><br \/><\/span><\/p>\n<p><span>Az <strong>Adile Sultan Palota<\/strong> \u2013 mai nev\u00e9n <span>Sak\u0131p Sabanc\u0131<\/span><\/span> <span>Kandilli<\/span> <span>Oktat\u00e1si \u00e9s Kultur\u00e1lis<\/span> <span>K\u00f6zpont\u00a0<\/span><span><span>Isztambul \u00e1zsiai oldal\u00e1n emelkedik a magasba. A hatalmas dombon fekv\u0151, tiszteletet k\u00f6vetel\u0151 monument\u00e1lis \u00e9p\u00fclet m\u00e1r eg\u00e9szen messzir\u0151l is j\u00f3l l\u00e1that\u00f3. <\/span><\/span><span>Innen <span>gy\u00f6ny\u00f6r\u0171 kil\u00e1t\u00e1s ny\u00edlik<\/span> <span>a Boszporuszra<\/span>, <span>a<\/span> <span>M\u00e1rv\u00e1ny-tengerre<\/span>, valamint ablakaib\u00f3l l\u00e1tszik a Fekete-tenger is. Az \u00e9p\u00fclet 17000 nm-en ter\u00fcl el \u00e9s 55 szob\u00e1b\u00f3l \u00e1ll.<\/span><\/p>\n<p>A ma oktat\u00e1si \u00e9s kultur\u00e1lis k\u00f6zpontk\u00e9nt m\u0171k\u00f6d\u0151 palota egykor az <strong>oszm\u00e1n Adile Szult\u00e1na \u00a0birodalmi rezidenci\u00e1ja volt.<\/strong> <span>Adile hercegn\u0151 1826-1899 k\u00f6z\u00f6tt \u00e9lt, II. Mahmud Szult\u00e1n ( 1789- 1839 ) l\u00e1nya valamint I. <\/span><a href=\"http:\/\/en.wikipedia.org\/wiki\/Abd%C3%BClmecid_I\"><span>Abd\u00fclmecid<\/span><\/a> (1823\u20131861) \u00e9s <a href=\"http:\/\/en.wikipedia.org\/wiki\/Abd%C3%BClaziz\"><span>Abd\u00fclaziz<\/span><\/a> (1830\u20131876) l\u00e1nytestv\u00e9re volt.<\/p>\n<p>A r\u00f3la elnevezett \u00e9p\u00fclet Barkis Balyan tervei alapj\u00e1n \u00e9p\u00fclt 1861-ben. A szult\u00e1na a T\u00f6r\u00f6k \u00c1llamnak aj\u00e1nd\u00e9kozta az \u00e9p\u00fcletet, melybe hal\u00e1la ut\u00e1n, 1899-t\u0151l az anat\u00f3liai Kandilli Le\u00e1nyiskola k\u00f6lt\u00f6z\u00f6tt.<\/p>\n<p>A palota az id\u0151k sor\u00e1n sz\u00e1mtalan form\u00e1ban m\u0171k\u00f6d\u00f6tt.<\/p>\n<p><span><span>Az I. Vil\u00e1gh\u00e1bor\u00fa alatt, r\u00f6vid ideig a Had\u00fcgyminiszt\u00e9rium haszn\u00e1lta, majd visszaker\u00fclt a le\u00e1nyiskol\u00e1hoz, amely eg\u00e9szen 1969-ig m\u0171k\u00f6d\u00f6tt benne. <\/span><\/span><\/p>\n<p><span><span>1<\/span><\/span><span><span>986-ban, egy elektromos z\u00e1rlat okozta t\u0171zv\u00e9szben az \u00e9p\u00fclet szinte teljesen megsemmis\u00fclt, mind\u00f6ssze n\u00e9gy fala maradt s\u00e9rtetlen. \u00dajj\u00e1\u00e9p\u00edt\u00e9s\u00e9re alap\u00edtv\u00e1nyt hoztak l\u00e9tre, de a k\u00f6lts\u00e9gek b\u0151ven meghaladt\u00e1k a befolyt adom\u00e1nyok \u00f6sszeg\u00e9t. Ekkor, a milli\u00e1rdos \u00fczletember, <\/span><\/span><strong><span>Sak\u0131p Sabanc\u0131<\/span> \u00e9s az Isztambul-i Korm\u00e1nyz\u00f3 p\u00e9nz\u00fcgyi seg\u00edts\u00e9g\u00e9vel folytatt\u00e1k a fel\u00faj\u00edt\u00e1si munk\u00e1latokat.<\/strong><\/p>\n<p><span>A<\/span><span><span>z \u00e9p\u00edtkez\u00e9s 9,5 milli\u00f3 t\u00f6r\u00f6k l\u00edr\u00e1ba ker\u00fclt \u00e9s a hossz\u00fa, 10 \u00e9vig tart\u00f3 munka ut\u00e1n a Palota 2006. j\u00fanius\u00e1ban, <\/span><\/span><span>Sabanc\u0131<\/span><span><span> hal\u00e1l\u00e1t k\u00f6vet\u0151en, \u00fcnnep\u00e9lyes keretek k\u00f6z\u00f6tt \u00faja nyitotta kapuit. \u00a0<strong>Az \u00fczletember tisztelet\u00e9re <\/strong><\/span><\/span><strong>Sak\u0131p Sabanc\u0131 Kandilli Oktat\u00e1si \u00e9s Kultur\u00e1lis K\u00f6zpont n\u00e9ven m\u0171k\u00f6dik.<\/strong><\/p>\n<p><span><span>Az<\/span><\/span><span> <span>5625<\/span> <span>m\u00b2<\/span> alapter\u00fclet\u0171 palot\u00e1ban rendezv\u00e9nyeket, banketteket, esk\u00fcv\u0151ket, fogad\u00e1sokat tartanak, amelyek alkalm\u00e1val az ov\u00e1lis teremben 500 ember is k\u00e9nyelmesen elf\u00e9r.<\/span><\/p>\n<p>K\u00e9t konferencia terem is tal\u00e1lhat\u00f3 az \u00e9p\u00fcletben, ahol szemin\u00e1riumokat, k\u00e9pz\u00e9seket szerveznek, az <span>\u00a01300 m\u00b2 nagys\u00e1g\u00fa<\/span> <span>csarnokban pedig<\/span> fogad\u00e1sokat <span>\u00e9s ki\u00e1ll\u00edt\u00e1sokat rendeznek.<\/span><\/p>\n<p>K\u00e1v\u00e9z\u00f3, \u00e9tterem \u00e9s egy hatalmas, 2000 f\u0151 megvend\u00e9gel\u00e9s\u00e9re alkalmas kert is tartozik az impoz\u00e1ns palot\u00e1hoz.<\/p>\n<p><strong>A t\u00f6r\u00f6k sorozatok szemf\u00fcles rajong\u00f3i felismerhetik benne Kenan Birkan palot\u00e1j\u00e1t az Ezelb\u0151l.<\/strong><\/p>\n<p><strong>Gyere, k\u00f6vess minket a <em>\u00a0<a href=\"https:\/\/www.facebook.com\/istanbuliutazasok\/?fref=ts\" target=\"_blank\">facebook-on<\/a>\u00a0 \u00a0<a href=\"https:\/\/www.instagram.com\/istanbuliutazasok\/\" target=\"_blank\">instagramon<\/a>\u00a0\u00e9s <a href=\"https:\/\/www.youtube.com\/channel\/UC69RCJvZOuSIb3AXYFic0qw\" target=\"_blank\">youtube-on<\/a><\/em> is!<\/strong><\/p>\n<p><strong>\u00e9s \u00a0<\/strong>K\u00e9rd\u00a0<strong>INGYENES Online magazinunkat itt!<br \/><\/strong><\/p>\n<p><span style=\"color: #000000;font-family: 'Courier New', Courier, monospace, arial, sans-serif;font-size: 14px\">\u00a0<\/span><\/p>\n<!-- ListaMester URLAP KEZDETE --><form id=\"LM_Form27897_20150201172406\" method=\"POST\" accept-charset=\"UTF-8\" action=\"http:\/\/form1.listamester.hu\/lmui\/faces\/forms\/ProcessSubscription.jsp\">\n<div id=\"LM_formBlock27897_20150201172406\" style=\"background-color: #a8b4b8;padding: 5px;border-left: 1px solid #f2f2f2;border-right: 2px solid #eeeeee;border-top: 1px solid #f2f2f2;border-bottom: 2px solid #eeeeee\"><div id=\"LM_NSerrorText27897_20150201172406\" style=\"color: red\">\nA b&ouml;ng&eacute;sz&#x151;ben tiltva van a javascript haszn&aacute;lata. Az &#x171;rlap ellen&#x151;rz&#x151; funkci&oacute;i nem fognak j&oacute;l m&#x171;k&ouml;dni.\n<\/div>\n<div id=\"LM_errorText27897_20150201172406\" style=\"color: red\"><\/div>\n<div id=\"LM_subscriptionText27897_20150201172406\">\n<p style=\"text-align: center\"><span style=\"font-size: medium;color: #ff0000\"><strong>Ne maradj le!<\/strong><\/span><\/p>\n<p style=\"text-align: center\"><span style=\"font-size: medium;color: #ff0000\"><strong>K\u00e9rd INGYENES<\/strong><\/span><\/p>\n<p style=\"text-align: center\"><span style=\"font-size: medium;color: #ff0000\"><strong>Online magazinunkat!<\/strong><\/span><\/p>\n<\/div>\n<table id=\"LM_questionTable27897_20150201172406\">\n<tbody>\n<tr>\n<td id=\"LM_LblEmail27897_20150201172406\" style=\"text-align: right\">Email*<\/td>\n<td style=\"font-size: small\"><\/td>\n<\/tr>\n<tr>\n<td id=\"LM_LblName27897_20150201172406\" style=\"text-align: right\">N\u00e9v*<\/td>\n<td style=\"font-size: small\"><\/td>\n<\/tr>\n<tr>\n<td id=\"LM_LblAnswer42760_20150201172406\" style=\"text-align: right\">Volt\u00e1l m\u00e1r Isztambulban?*<\/td>\n<td style=\"font-size: small\">\n<table>\n<tbody>\n<tr>\n<td><label for=\"LM_check73261_20150201172406\">Igen<\/label><\/td>\n<\/tr>\n<tr>\n<td><label for=\"LM_check73262_20150201172406\">Nem<\/label><\/td>\n<\/tr>\n<tr>\n<td><label for=\"LM_check73263_20150201172406\">Tervezem<\/label><\/td>\n<\/tr>\n<\/tbody>\n<\/table>\n<\/td>\n<\/tr>\n<tr>\n<td id=\"LM_LblAnswer42761_20150201172406\" style=\"text-align: right\">\n<div style=\"padding-right: 0.7ex\">Korod<\/div>\n<\/td>\n<td style=\"font-size: small\">\n<table>\n<tbody>\n<tr>\n<td><label for=\"LM_check73264_20150201172406\">17-30 \u00e9v<\/label><\/td>\n<\/tr>\n<tr>\n<td><label for=\"LM_check73265_20150201172406\">31-45 \u00e9v<\/label><\/td>\n<\/tr>\n<tr>\n<td><label for=\"LM_check73266_20150201172406\">46-65 \u00e9v<\/label><\/td>\n<\/tr>\n<\/tbody>\n<\/table>\n<\/td>\n<\/tr>\n<\/tbody>\n<\/table>\n\/\/ \n<div style=\"text-align: center\">\n<div style=\"text-align: left\">\n<div id=\"LM_ButtonBlock27897_20150201172406\" style=\"padding-top: 10px;padding-bottom: 10px;padding-left: 20px\"><\/div>\n<\/div>\n<\/div>\n <\/div>\n<\/form><!-- ListaMester URLAP VEGE -->\n<p>\u00a0<\/p>","type":"rich"}